{"id":7748,"date":"2023-10-31T19:12:10","date_gmt":"2023-10-31T18:12:10","guid":{"rendered":"https:\/\/k-electric-gmbh.de\/kontaktpersoner\/"},"modified":"2026-01-02T16:06:32","modified_gmt":"2026-01-02T15:06:32","slug":"kontaktpersoner","status":"publish","type":"page","link":"https:\/\/k-electric-gmbh.de\/sv\/kontaktpersoner\/","title":{"rendered":"Kontaktpersoner"},"content":{"rendered":"\t\t<div data-elementor-type=\"wp-post\" data-elementor-id=\"7748\" class=\"elementor elementor-7748 elementor-4383\">\n\t\t\t\t\t\t<section class=\"elementor-section elementor-top-section elementor-element elementor-element-562643f elementor-section-boxed elementor-section-height-default elementor-section-height-default wpr-particle-no wpr-jarallax-no wpr-parallax-no wpr-sticky-section-no\" data-id=\"562643f\" data-element_type=\"section\" data-settings=\"{&quot;jet_parallax_layout_list&quot;:[],&quot;_ha_eqh_enable&quot;:false}\">\n\t\t\t\t\t\t<div class=\"elementor-container elementor-column-gap-default\">\n\t\t\t\t\t<div class=\"elementor-column elementor-col-100 elementor-top-column elementor-element elementor-element-8c326cb\" data-id=\"8c326cb\" data-element_type=\"column\">\n\t\t\t<div class=\"elementor-widget-wrap elementor-element-populated\">\n\t\t\t\t\t\t<div class=\"elementor-element elementor-element-33e6f34 elementor-widget__width-initial elementor-widget-tablet__width-inherit elementor-widget elementor-widget-heading\" data-id=\"33e6f34\" data-element_type=\"widget\" data-widget_type=\"heading.default\">\n\t\t\t\t<div class=\"elementor-widget-container\">\n\t\t\t<h1 class=\"elementor-heading-title elementor-size-default\">I din n\u00e4rhet<\/h1>\t\t<\/div>\n\t\t\t\t<\/div>\n\t\t\t\t\t<\/div>\n\t\t<\/div>\n\t\t\t\t\t<\/div>\n\t\t<\/section>\n\t\t\t\t<section class=\"elementor-section elementor-top-section elementor-element elementor-element-dca53cf asp-map-cont elementor-section-boxed elementor-section-height-default elementor-section-height-default wpr-particle-no wpr-jarallax-no wpr-parallax-no wpr-sticky-section-no\" data-id=\"dca53cf\" data-element_type=\"section\" data-settings=\"{&quot;jet_parallax_layout_list&quot;:[],&quot;_ha_eqh_enable&quot;:false}\">\n\t\t\t\t\t\t<div class=\"elementor-container elementor-column-gap-default\">\n\t\t\t\t\t<div class=\"elementor-column elementor-col-100 elementor-top-column elementor-element elementor-element-11ace3b\" data-id=\"11ace3b\" data-element_type=\"column\">\n\t\t\t<div class=\"elementor-widget-wrap elementor-element-populated\">\n\t\t\t\t\t\t<div class=\"elementor-element elementor-element-bdd1fc9 elementor-widget elementor-widget-shortcode\" data-id=\"bdd1fc9\" data-element_type=\"widget\" data-widget_type=\"shortcode.default\">\n\t\t\t\t<div class=\"elementor-widget-container\">\n\t\t\t\t\t<div class=\"elementor-shortcode\">        <div id=\"store_locator\" class=\"store-locator-container-fluid store_locator modal-body \"  data-hide-stores-on-first-view=\"no\">            <div class=\"store-locator-row\">                        <div id=\"store_locator_search_box\" class=\"store_locator_search_box store-locator-col-12 store-locator-col-sm-12 store-locator-col-md-12\">            <div class=\"store-locator-row\">                        <\/div>        <\/div>                <div id=\"store_locator_sidebar\" class=\"store_locator_sidebar store-locator-col-12 store-locator-col-sm-12 store-locator-col-md-4 \">            <div id=\"store_locator_sidebar_content\" class=\"store_locator_sidebar_content store-locator-row\">                    <div id=\"store_locator_result_list_box\" class=\"store_locator_result_list_box store-locator-col-12 store-locator-col-sm-12\">            <hr class=\"grey\">                                    <div id=\"store_locator_result_list\" class=\"store-locator-row\" style=\"display: flex;\">                            <\/div>        <\/div>                    <\/div>        <\/div>                <div id=\"store_locator_main\" class=\"store_locator_main  store-locator-col-12 store-locator-col-sm-12 store-locator-col-md-8\">            <div id=\"store_locator_map\" style=\"height: 100%;\"><\/div>            <div id=\"store_locator_dragged_button\" class=\"btn button et_pb_button button-primary theme-button store_locator_dragged_button\">                Search in this Area            <\/div>        <\/div>                    <\/div>            <button type=\"button\" id=\"store_modal_close\" class=\"store_modal_close\" data-dismiss=\"modal\" aria-label=\"Close\"><span aria-hidden=\"true\">&times;<\/span><\/button>            <div id=\"store_locator_loading\" class=\"store_locator_loading store_locator_hidden\"><i class=\"fas fa-spinner fa-spin fa-3x\"><\/i><\/div>        <\/div>    <\/div>\n\t\t\t\t<\/div>\n\t\t\t\t<\/div>\n\t\t\t\t<div class=\"elementor-element elementor-element-6b248b1 elementor-widget elementor-widget-text-editor\" data-id=\"6b248b1\" data-element_type=\"widget\" id=\"please-accept-cookies\" data-widget_type=\"text-editor.default\">\n\t\t\t\t<div class=\"elementor-widget-container\">\n\t\t\t\t\t\t\t<p style=\"text-align: center;\">V\u00e4nligen <a class=\"cmplz-show-banner\" style=\"cursor: pointer;\">acceptera cookies<\/a> f\u00f6r att se inneh\u00e5llet.<\/p>\t\t\t\t\t\t<\/div>\n\t\t\t\t<\/div>\n\t\t\t\t\t<\/div>\n\t\t<\/div>\n\t\t\t\t\t<\/div>\n\t\t<\/section>\n\t\t\t\t<section class=\"elementor-section elementor-top-section elementor-element elementor-element-932feca elementor-section-boxed elementor-section-height-default elementor-section-height-default wpr-particle-no wpr-jarallax-no wpr-parallax-no wpr-sticky-section-no\" data-id=\"932feca\" data-element_type=\"section\" id=\"asp-extra\" data-settings=\"{&quot;jet_parallax_layout_list&quot;:[],&quot;_ha_eqh_enable&quot;:false}\">\n\t\t\t\t\t\t<div class=\"elementor-container elementor-column-gap-default\">\n\t\t\t\t\t<div class=\"elementor-column elementor-col-100 elementor-top-column elementor-element elementor-element-b7bb1b8\" data-id=\"b7bb1b8\" data-element_type=\"column\">\n\t\t\t<div class=\"elementor-widget-wrap elementor-element-populated\">\n\t\t\t\t\t\t<div class=\"elementor-element elementor-element-4fbb939 elementor-widget__width-initial elementor-widget-tablet__width-inherit elementor-widget elementor-widget-heading\" data-id=\"4fbb939\" data-element_type=\"widget\" data-widget_type=\"heading.default\">\n\t\t\t\t<div class=\"elementor-widget-container\">\n\t\t\t<h1 class=\"elementor-heading-title elementor-size-default\">\u00d6verregional<\/h1>\t\t<\/div>\n\t\t\t\t<\/div>\n\t\t\t\t\t<\/div>\n\t\t<\/div>\n\t\t\t\t\t<\/div>\n\t\t<\/section>\n\t\t\t\t<section class=\"elementor-section elementor-top-section elementor-element elementor-element-e3764d0 elementor-section-boxed elementor-section-height-default elementor-section-height-default wpr-particle-no wpr-jarallax-no wpr-parallax-no wpr-sticky-section-no\" data-id=\"e3764d0\" data-element_type=\"section\" data-settings=\"{&quot;jet_parallax_layout_list&quot;:[],&quot;_ha_eqh_enable&quot;:false}\">\n\t\t\t\t\t\t<div class=\"elementor-container elementor-column-gap-default\">\n\t\t\t\t\t<div class=\"elementor-column elementor-col-25 elementor-top-column elementor-element elementor-element-bfea9b2\" data-id=\"bfea9b2\" data-element_type=\"column\">\n\t\t\t<div class=\"elementor-widget-wrap elementor-element-populated\">\n\t\t\t\t\t\t<div class=\"elementor-element elementor-element-9c2801c elementor-widget elementor-widget-jet-team-member\" data-id=\"9c2801c\" data-element_type=\"widget\" data-widget_type=\"jet-team-member.default\">\n\t\t\t\t<div class=\"elementor-widget-container\">\n\t\t\t<div class=\"elementor-jet-team-member jet-elements\"><div class=\"jet-team-member\">\n\t<div class=\"jet-team-member__inner\">\n\t\t<div class=\"jet-team-member__image\">\n\t\t\t<div class=\"jet-team-member__cover\"><\/div>\n\t\t\t<figure class=\"jet-team-member__figure\"><img fetchpriority=\"high\" decoding=\"async\" width=\"2560\" height=\"1440\" src=\"https:\/\/k-electric-gmbh.de\/wp-content\/uploads\/2023\/09\/P.Stoecklein-scaled.jpg\" class=\"jet-team-member__img-tag\" alt=\"Portrait von Philipp St\u00f6cklein, Mitarbeiter im Au\u00dfendienst bei K&#039;ELECTRIC\" srcset=\"https:\/\/k-electric-gmbh.de\/wp-content\/uploads\/2023\/09\/P.Stoecklein-scaled.jpg 2560w, https:\/\/k-electric-gmbh.de\/wp-content\/uploads\/2023\/09\/P.Stoecklein-300x169.jpg 300w, https:\/\/k-electric-gmbh.de\/wp-content\/uploads\/2023\/09\/P.Stoecklein-1024x576.jpg 1024w, https:\/\/k-electric-gmbh.de\/wp-content\/uploads\/2023\/09\/P.Stoecklein-768x432.jpg 768w, https:\/\/k-electric-gmbh.de\/wp-content\/uploads\/2023\/09\/P.Stoecklein-1536x864.jpg 1536w, https:\/\/k-electric-gmbh.de\/wp-content\/uploads\/2023\/09\/P.Stoecklein-2048x1152.jpg 2048w, https:\/\/k-electric-gmbh.de\/wp-content\/uploads\/2023\/09\/P.Stoecklein-360x203.jpg 360w, https:\/\/k-electric-gmbh.de\/wp-content\/uploads\/2023\/09\/P.Stoecklein-870x489.jpg 870w, https:\/\/k-electric-gmbh.de\/wp-content\/uploads\/2023\/09\/P.Stoecklein-1170x658.jpg 1170w, https:\/\/k-electric-gmbh.de\/wp-content\/uploads\/2023\/09\/P.Stoecklein-560x315.jpg 560w, https:\/\/k-electric-gmbh.de\/wp-content\/uploads\/2023\/09\/P.Stoecklein-270x153.jpg 270w, https:\/\/k-electric-gmbh.de\/wp-content\/uploads\/2023\/09\/P.Stoecklein-480x271.jpg 480w, https:\/\/k-electric-gmbh.de\/wp-content\/uploads\/2023\/09\/P.Stoecklein-570x321.jpg 570w\" sizes=\"(max-width: 2560px) 100vw, 2560px\" \/><\/figure>\t\t<\/div>\n\t\t<div class=\"jet-team-member__content\"><h3 class=\"jet-team-member__name\"><span class=\"jet-team-member__name-first\">Philipp  <\/span><span class=\"jet-team-member__name-last\"> St\u00f6cklein<\/span><\/h3><div class=\"jet-team-member__position\"><span>Ansvarig f\u00f6r energileverant\u00f6rer och kommunala bolag i hela Tyskland<br><br><\/span><\/div><div class=\"jet-team-member__socials\"><\/div><div class=\"jet-team-member__button-container\"><a class=\"elementor-button elementor-size-md jet-team-member__button\" href=\"\/sv\/kontaktpersoner\/philipp-stocklein\/\" target=\"_blank\">Kontakta oss<\/a><\/div><\/div>\n\t<\/div>\n<\/div>\n<\/div>\t\t<\/div>\n\t\t\t\t<\/div>\n\t\t\t\t\t<\/div>\n\t\t<\/div>\n\t\t\t\t<div class=\"elementor-column elementor-col-25 elementor-top-column elementor-element elementor-element-b01f906\" data-id=\"b01f906\" data-element_type=\"column\">\n\t\t\t<div class=\"elementor-widget-wrap elementor-element-populated\">\n\t\t\t\t\t\t<div class=\"elementor-element elementor-element-8b0cee9 elementor-widget elementor-widget-jet-team-member\" data-id=\"8b0cee9\" data-element_type=\"widget\" data-widget_type=\"jet-team-member.default\">\n\t\t\t\t<div class=\"elementor-widget-container\">\n\t\t\t<div class=\"elementor-jet-team-member jet-elements\"><div class=\"jet-team-member\">\n\t<div class=\"jet-team-member__inner\">\n\t\t<div class=\"jet-team-member__image\">\n\t\t\t<div class=\"jet-team-member__cover\"><\/div>\n\t\t\t<figure class=\"jet-team-member__figure\"><img decoding=\"async\" width=\"2560\" height=\"1440\" src=\"https:\/\/k-electric-gmbh.de\/wp-content\/uploads\/2023\/09\/M.Mateyka-scaled.jpg\" class=\"jet-team-member__img-tag\" alt=\"M.Mateyka\" srcset=\"https:\/\/k-electric-gmbh.de\/wp-content\/uploads\/2023\/09\/M.Mateyka-scaled.jpg 2560w, https:\/\/k-electric-gmbh.de\/wp-content\/uploads\/2023\/09\/M.Mateyka-300x169.jpg 300w, https:\/\/k-electric-gmbh.de\/wp-content\/uploads\/2023\/09\/M.Mateyka-1024x576.jpg 1024w, https:\/\/k-electric-gmbh.de\/wp-content\/uploads\/2023\/09\/M.Mateyka-768x432.jpg 768w, https:\/\/k-electric-gmbh.de\/wp-content\/uploads\/2023\/09\/M.Mateyka-1536x864.jpg 1536w, https:\/\/k-electric-gmbh.de\/wp-content\/uploads\/2023\/09\/M.Mateyka-2048x1152.jpg 2048w, https:\/\/k-electric-gmbh.de\/wp-content\/uploads\/2023\/09\/M.Mateyka-360x203.jpg 360w, https:\/\/k-electric-gmbh.de\/wp-content\/uploads\/2023\/09\/M.Mateyka-870x489.jpg 870w, https:\/\/k-electric-gmbh.de\/wp-content\/uploads\/2023\/09\/M.Mateyka-1170x658.jpg 1170w, https:\/\/k-electric-gmbh.de\/wp-content\/uploads\/2023\/09\/M.Mateyka-560x315.jpg 560w, https:\/\/k-electric-gmbh.de\/wp-content\/uploads\/2023\/09\/M.Mateyka-270x153.jpg 270w, https:\/\/k-electric-gmbh.de\/wp-content\/uploads\/2023\/09\/M.Mateyka-480x271.jpg 480w, https:\/\/k-electric-gmbh.de\/wp-content\/uploads\/2023\/09\/M.Mateyka-570x321.jpg 570w\" sizes=\"(max-width: 2560px) 100vw, 2560px\" \/><\/figure>\t\t<\/div>\n\t\t<div class=\"jet-team-member__content\"><h3 class=\"jet-team-member__name\"><span class=\"jet-team-member__name-first\">Martin<\/span><span class=\"jet-team-member__name-last\"> Mateyka<\/span><\/h3><div class=\"jet-team-member__position\"><span>Ansvarig f\u00f6r \u00d6sterrike<br><br><\/span><\/div><div class=\"jet-team-member__socials\"><\/div><div class=\"jet-team-member__button-container\"><a class=\"elementor-button elementor-size-md jet-team-member__button\" href=\"\/sv\/kontaktpersoner\/martin-mateyka\/\" target=\"_blank\">Kontakta oss<\/a><\/div><\/div>\n\t<\/div>\n<\/div>\n<\/div>\t\t<\/div>\n\t\t\t\t<\/div>\n\t\t\t\t\t<\/div>\n\t\t<\/div>\n\t\t\t\t<div class=\"elementor-column elementor-col-25 elementor-top-column elementor-element elementor-element-bb3db32\" data-id=\"bb3db32\" data-element_type=\"column\">\n\t\t\t<div class=\"elementor-widget-wrap elementor-element-populated\">\n\t\t\t\t\t\t<div class=\"elementor-element elementor-element-0773a66 elementor-widget elementor-widget-jet-team-member\" data-id=\"0773a66\" data-element_type=\"widget\" data-widget_type=\"jet-team-member.default\">\n\t\t\t\t<div class=\"elementor-widget-container\">\n\t\t\t<div class=\"elementor-jet-team-member jet-elements\"><div class=\"jet-team-member\">\n\t<div class=\"jet-team-member__inner\">\n\t\t<div class=\"jet-team-member__image\">\n\t\t\t<div class=\"jet-team-member__cover\"><\/div>\n\t\t\t<figure class=\"jet-team-member__figure\"><img decoding=\"async\" width=\"2560\" height=\"1440\" src=\"https:\/\/k-electric-gmbh.de\/wp-content\/uploads\/2023\/09\/C.Gruen_-scaled.jpg\" class=\"jet-team-member__img-tag\" alt=\"Portrait von Christian Gr\u00fcn, Mitarbeiter im Au\u00dfendienst bei K&#039;ELECTRIC\" srcset=\"https:\/\/k-electric-gmbh.de\/wp-content\/uploads\/2023\/09\/C.Gruen_-scaled.jpg 2560w, https:\/\/k-electric-gmbh.de\/wp-content\/uploads\/2023\/09\/C.Gruen_-300x169.jpg 300w, https:\/\/k-electric-gmbh.de\/wp-content\/uploads\/2023\/09\/C.Gruen_-1024x576.jpg 1024w, https:\/\/k-electric-gmbh.de\/wp-content\/uploads\/2023\/09\/C.Gruen_-768x432.jpg 768w, https:\/\/k-electric-gmbh.de\/wp-content\/uploads\/2023\/09\/C.Gruen_-1536x864.jpg 1536w, https:\/\/k-electric-gmbh.de\/wp-content\/uploads\/2023\/09\/C.Gruen_-2048x1152.jpg 2048w, https:\/\/k-electric-gmbh.de\/wp-content\/uploads\/2023\/09\/C.Gruen_-360x203.jpg 360w, https:\/\/k-electric-gmbh.de\/wp-content\/uploads\/2023\/09\/C.Gruen_-870x489.jpg 870w, https:\/\/k-electric-gmbh.de\/wp-content\/uploads\/2023\/09\/C.Gruen_-1170x658.jpg 1170w, https:\/\/k-electric-gmbh.de\/wp-content\/uploads\/2023\/09\/C.Gruen_-560x315.jpg 560w, https:\/\/k-electric-gmbh.de\/wp-content\/uploads\/2023\/09\/C.Gruen_-270x153.jpg 270w, https:\/\/k-electric-gmbh.de\/wp-content\/uploads\/2023\/09\/C.Gruen_-480x271.jpg 480w, https:\/\/k-electric-gmbh.de\/wp-content\/uploads\/2023\/09\/C.Gruen_-570x321.jpg 570w\" sizes=\"(max-width: 2560px) 100vw, 2560px\" \/><\/figure>\t\t<\/div>\n\t\t<div class=\"jet-team-member__content\"><h3 class=\"jet-team-member__name\"><span class=\"jet-team-member__name-first\">Christian <\/span><span class=\"jet-team-member__name-last\"> Gr\u00fcn<\/span><\/h3><div class=\"jet-team-member__position\"><span>Ansvarig f\u00f6r Nederl\u00e4nderna, Belgien &amp; Luxemburg<\/span><\/div><div class=\"jet-team-member__socials\"><\/div><div class=\"jet-team-member__button-container\"><a class=\"elementor-button elementor-size-md jet-team-member__button\" href=\"\/sv\/kontaktpersoner\/christian-gruen\/\" target=\"_blank\">Kontakta oss<\/a><\/div><\/div>\n\t<\/div>\n<\/div>\n<\/div>\t\t<\/div>\n\t\t\t\t<\/div>\n\t\t\t\t\t<\/div>\n\t\t<\/div>\n\t\t\t\t<div class=\"elementor-column elementor-col-25 elementor-top-column elementor-element elementor-element-585076c\" data-id=\"585076c\" data-element_type=\"column\">\n\t\t\t<div class=\"elementor-widget-wrap elementor-element-populated\">\n\t\t\t\t\t\t<div class=\"elementor-element elementor-element-8440f46 elementor-widget elementor-widget-jet-team-member\" data-id=\"8440f46\" data-element_type=\"widget\" data-widget_type=\"jet-team-member.default\">\n\t\t\t\t<div class=\"elementor-widget-container\">\n\t\t\t<div class=\"elementor-jet-team-member jet-elements\"><div class=\"jet-team-member\">\n\t<div class=\"jet-team-member__inner\">\n\t\t<div class=\"jet-team-member__image\">\n\t\t\t<div class=\"jet-team-member__cover\"><\/div>\n\t\t\t<figure class=\"jet-team-member__figure\"><img loading=\"lazy\" decoding=\"async\" width=\"2560\" height=\"1440\" src=\"https:\/\/k-electric-gmbh.de\/wp-content\/uploads\/2023\/09\/M.Sachs_-scaled.jpg\" class=\"jet-team-member__img-tag\" alt=\"M.Sachs\" srcset=\"https:\/\/k-electric-gmbh.de\/wp-content\/uploads\/2023\/09\/M.Sachs_-scaled.jpg 2560w, https:\/\/k-electric-gmbh.de\/wp-content\/uploads\/2023\/09\/M.Sachs_-300x169.jpg 300w, https:\/\/k-electric-gmbh.de\/wp-content\/uploads\/2023\/09\/M.Sachs_-1024x576.jpg 1024w, https:\/\/k-electric-gmbh.de\/wp-content\/uploads\/2023\/09\/M.Sachs_-768x432.jpg 768w, https:\/\/k-electric-gmbh.de\/wp-content\/uploads\/2023\/09\/M.Sachs_-1536x864.jpg 1536w, https:\/\/k-electric-gmbh.de\/wp-content\/uploads\/2023\/09\/M.Sachs_-2048x1152.jpg 2048w, https:\/\/k-electric-gmbh.de\/wp-content\/uploads\/2023\/09\/M.Sachs_-360x203.jpg 360w, https:\/\/k-electric-gmbh.de\/wp-content\/uploads\/2023\/09\/M.Sachs_-870x489.jpg 870w, https:\/\/k-electric-gmbh.de\/wp-content\/uploads\/2023\/09\/M.Sachs_-1170x658.jpg 1170w, https:\/\/k-electric-gmbh.de\/wp-content\/uploads\/2023\/09\/M.Sachs_-560x315.jpg 560w, https:\/\/k-electric-gmbh.de\/wp-content\/uploads\/2023\/09\/M.Sachs_-270x153.jpg 270w, https:\/\/k-electric-gmbh.de\/wp-content\/uploads\/2023\/09\/M.Sachs_-480x271.jpg 480w, https:\/\/k-electric-gmbh.de\/wp-content\/uploads\/2023\/09\/M.Sachs_-570x321.jpg 570w\" sizes=\"(max-width: 2560px) 100vw, 2560px\" \/><\/figure>\t\t<\/div>\n\t\t<div class=\"jet-team-member__content\"><h3 class=\"jet-team-member__name\"><span class=\"jet-team-member__name-first\">Michael<\/span><span class=\"jet-team-member__name-last\"> Sachs<\/span><\/h3><div class=\"jet-team-member__position\"><span>Konsultverksamhet | F\u00f6rs\u00e4ljning<br><br><\/span><\/div><div class=\"jet-team-member__socials\"><\/div><div class=\"jet-team-member__button-container\"><a class=\"elementor-button elementor-size-md jet-team-member__button\" href=\"\/sv\/kontaktpersoner\/michael-sachs\/\" target=\"_blank\">Kontakta oss<\/a><\/div><\/div>\n\t<\/div>\n<\/div>\n<\/div>\t\t<\/div>\n\t\t\t\t<\/div>\n\t\t\t\t\t<\/div>\n\t\t<\/div>\n\t\t\t\t\t<\/div>\n\t\t<\/section>\n\t\t\t\t<section class=\"elementor-section elementor-top-section elementor-element elementor-element-1a69bbc elementor-section-boxed elementor-section-height-default elementor-section-height-default wpr-particle-no wpr-jarallax-no wpr-parallax-no wpr-sticky-section-no\" data-id=\"1a69bbc\" data-element_type=\"section\" data-settings=\"{&quot;jet_parallax_layout_list&quot;:[],&quot;_ha_eqh_enable&quot;:false}\">\n\t\t\t\t\t\t<div class=\"elementor-container elementor-column-gap-default\">\n\t\t\t\t\t<div class=\"elementor-column elementor-col-33 elementor-top-column elementor-element elementor-element-a957470\" data-id=\"a957470\" data-element_type=\"column\">\n\t\t\t<div class=\"elementor-widget-wrap elementor-element-populated\">\n\t\t\t\t\t\t<div class=\"elementor-element elementor-element-f4add17 elementor-widget elementor-widget-jet-team-member\" data-id=\"f4add17\" data-element_type=\"widget\" data-widget_type=\"jet-team-member.default\">\n\t\t\t\t<div class=\"elementor-widget-container\">\n\t\t\t<div class=\"elementor-jet-team-member jet-elements\"><div class=\"jet-team-member\">\n\t<div class=\"jet-team-member__inner\">\n\t\t<div class=\"jet-team-member__image\">\n\t\t\t<div class=\"jet-team-member__cover\"><\/div>\n\t\t\t<figure class=\"jet-team-member__figure\"><img loading=\"lazy\" decoding=\"async\" width=\"860\" height=\"535\" src=\"https:\/\/k-electric-gmbh.de\/wp-content\/uploads\/2024\/07\/579-5798505_user-placeholder-svg-hd-png-download.png\" class=\"jet-team-member__img-tag\" alt=\"579-5798505_user-placeholder-svg-hd-png-download\" srcset=\"https:\/\/k-electric-gmbh.de\/wp-content\/uploads\/2024\/07\/579-5798505_user-placeholder-svg-hd-png-download.png 860w, https:\/\/k-electric-gmbh.de\/wp-content\/uploads\/2024\/07\/579-5798505_user-placeholder-svg-hd-png-download-300x187.png 300w, https:\/\/k-electric-gmbh.de\/wp-content\/uploads\/2024\/07\/579-5798505_user-placeholder-svg-hd-png-download-768x478.png 768w, https:\/\/k-electric-gmbh.de\/wp-content\/uploads\/2024\/07\/579-5798505_user-placeholder-svg-hd-png-download-560x348.png 560w\" sizes=\"(max-width: 860px) 100vw, 860px\" \/><\/figure>\t\t<\/div>\n\t\t<div class=\"jet-team-member__content\"><h3 class=\"jet-team-member__name\"><span class=\"jet-team-member__name-first\">Martin<\/span><span class=\"jet-team-member__name-last\"> Westlin<\/span><\/h3><div class=\"jet-team-member__position\"><span>F\u00f6rs\u00e4ljning Skandinaviska och Baltiska marknaden<\/span><\/div><div class=\"jet-team-member__socials\"><\/div><div class=\"jet-team-member__button-container\"><a class=\"elementor-button elementor-size-md jet-team-member__button\" href=\"\/sv\/kontaktpersoner\/martin-westlin\/\" target=\"_blank\">Kontakta oss<\/a><\/div><\/div>\n\t<\/div>\n<\/div>\n<\/div>\t\t<\/div>\n\t\t\t\t<\/div>\n\t\t\t\t\t<\/div>\n\t\t<\/div>\n\t\t\t\t<div class=\"elementor-column elementor-col-33 elementor-top-column elementor-element elementor-element-69ad41d\" data-id=\"69ad41d\" data-element_type=\"column\">\n\t\t\t<div class=\"elementor-widget-wrap elementor-element-populated\">\n\t\t\t\t\t\t<div class=\"elementor-element elementor-element-c84e456 elementor-widget elementor-widget-jet-team-member\" data-id=\"c84e456\" data-element_type=\"widget\" data-widget_type=\"jet-team-member.default\">\n\t\t\t\t<div class=\"elementor-widget-container\">\n\t\t\t<div class=\"elementor-jet-team-member jet-elements\"><div class=\"jet-team-member\">\n\t<div class=\"jet-team-member__inner\">\n\t\t<div class=\"jet-team-member__image\">\n\t\t\t<div class=\"jet-team-member__cover\"><\/div>\n\t\t\t<figure class=\"jet-team-member__figure\"><img loading=\"lazy\" decoding=\"async\" width=\"860\" height=\"535\" src=\"https:\/\/k-electric-gmbh.de\/wp-content\/uploads\/2024\/07\/579-5798505_user-placeholder-svg-hd-png-download.png\" class=\"jet-team-member__img-tag\" alt=\"579-5798505_user-placeholder-svg-hd-png-download\" srcset=\"https:\/\/k-electric-gmbh.de\/wp-content\/uploads\/2024\/07\/579-5798505_user-placeholder-svg-hd-png-download.png 860w, https:\/\/k-electric-gmbh.de\/wp-content\/uploads\/2024\/07\/579-5798505_user-placeholder-svg-hd-png-download-300x187.png 300w, https:\/\/k-electric-gmbh.de\/wp-content\/uploads\/2024\/07\/579-5798505_user-placeholder-svg-hd-png-download-768x478.png 768w, https:\/\/k-electric-gmbh.de\/wp-content\/uploads\/2024\/07\/579-5798505_user-placeholder-svg-hd-png-download-560x348.png 560w\" sizes=\"(max-width: 860px) 100vw, 860px\" \/><\/figure>\t\t<\/div>\n\t\t<div class=\"jet-team-member__content\"><h3 class=\"jet-team-member__name\"><span class=\"jet-team-member__name-first\">Frank  <\/span><span class=\"jet-team-member__name-last\"> Bulmahn  <\/span><\/h3><div class=\"jet-team-member__position\"><span>Ansvarig f\u00f6r elplanerare i norra Tyskland  <\/span><\/div><div class=\"jet-team-member__socials\"><\/div><div class=\"jet-team-member__button-container\"><a class=\"elementor-button elementor-size-md jet-team-member__button\" href=\"\/sv\/kontaktpersoner\/frank-bulmahn\/\" target=\"_blank\">Kontakta oss<\/a><\/div><\/div>\n\t<\/div>\n<\/div>\n<\/div>\t\t<\/div>\n\t\t\t\t<\/div>\n\t\t\t\t\t<\/div>\n\t\t<\/div>\n\t\t\t\t<div class=\"elementor-column elementor-col-33 elementor-top-column elementor-element elementor-element-20e7f0b\" data-id=\"20e7f0b\" data-element_type=\"column\">\n\t\t\t<div class=\"elementor-widget-wrap elementor-element-populated\">\n\t\t\t\t\t\t<div class=\"elementor-element elementor-element-3fdf6b7 elementor-widget elementor-widget-jet-team-member\" data-id=\"3fdf6b7\" data-element_type=\"widget\" data-widget_type=\"jet-team-member.default\">\n\t\t\t\t<div class=\"elementor-widget-container\">\n\t\t\t<div class=\"elementor-jet-team-member jet-elements\"><div class=\"jet-team-member\">\n\t<div class=\"jet-team-member__inner\">\n\t\t<div class=\"jet-team-member__image\">\n\t\t\t<div class=\"jet-team-member__cover\"><\/div>\n\t\t\t<figure class=\"jet-team-member__figure\"><img loading=\"lazy\" decoding=\"async\" width=\"860\" height=\"535\" src=\"https:\/\/k-electric-gmbh.de\/wp-content\/uploads\/2024\/07\/579-5798505_user-placeholder-svg-hd-png-download.png\" class=\"jet-team-member__img-tag\" alt=\"579-5798505_user-placeholder-svg-hd-png-download\" srcset=\"https:\/\/k-electric-gmbh.de\/wp-content\/uploads\/2024\/07\/579-5798505_user-placeholder-svg-hd-png-download.png 860w, https:\/\/k-electric-gmbh.de\/wp-content\/uploads\/2024\/07\/579-5798505_user-placeholder-svg-hd-png-download-300x187.png 300w, https:\/\/k-electric-gmbh.de\/wp-content\/uploads\/2024\/07\/579-5798505_user-placeholder-svg-hd-png-download-768x478.png 768w, https:\/\/k-electric-gmbh.de\/wp-content\/uploads\/2024\/07\/579-5798505_user-placeholder-svg-hd-png-download-560x348.png 560w\" sizes=\"(max-width: 860px) 100vw, 860px\" \/><\/figure>\t\t<\/div>\n\t\t<div class=\"jet-team-member__content\"><h3 class=\"jet-team-member__name\"><span class=\"jet-team-member__name-first\">Sven<\/span><span class=\"jet-team-member__name-last\"> Wehrfritz<\/span><\/h3><div class=\"jet-team-member__position\"><span>Key Account Manager Elektrisk planerare<\/span><\/div><div class=\"jet-team-member__socials\"><\/div><div class=\"jet-team-member__button-container\"><a class=\"elementor-button elementor-size-md jet-team-member__button\" href=\"\/sv\/kontaktpersoner\/sven-wehrfritz\/\" target=\"_blank\">Kontakta oss<\/a><\/div><\/div>\n\t<\/div>\n<\/div>\n<\/div>\t\t<\/div>\n\t\t\t\t<\/div>\n\t\t\t\t\t<\/div>\n\t\t<\/div>\n\t\t\t\t\t<\/div>\n\t\t<\/section>\n\t\t\t\t<section class=\"elementor-section elementor-top-section elementor-element elementor-element-bbe5d41 elementor-section-boxed elementor-section-height-default elementor-section-height-default wpr-particle-no wpr-jarallax-no wpr-parallax-no wpr-sticky-section-no\" data-id=\"bbe5d41\" data-element_type=\"section\" data-settings=\"{&quot;jet_parallax_layout_list&quot;:[],&quot;_ha_eqh_enable&quot;:false}\">\n\t\t\t\t\t\t<div class=\"elementor-container elementor-column-gap-default\">\n\t\t\t\t\t<div class=\"elementor-column elementor-col-100 elementor-top-column elementor-element elementor-element-be0d847\" data-id=\"be0d847\" data-element_type=\"column\">\n\t\t\t<div class=\"elementor-widget-wrap\">\n\t\t\t\t\t\t\t<\/div>\n\t\t<\/div>\n\t\t\t\t\t<\/div>\n\t\t<\/section>\n\t\t\t\t<\/div>\n\t\t","protected":false},"excerpt":{"rendered":"<p>I din n\u00e4rhet V\u00e4nligen acceptera cookies f\u00f6r att se inneh\u00e5llet. \u00d6verregional Philipp St\u00f6cklein Ansvarig f\u00f6r energileverant\u00f6rer och kommunala bolag i hela Tyskland Kontakta oss Martin Mateyka Ansvarig f\u00f6r \u00d6sterrike Kontakta oss Christian Gr\u00fcn Ansvarig f\u00f6r Nederl\u00e4nderna, Belgien &amp; LuxemburgKontakta oss Michael Sachs Konsultverksamhet | F\u00f6rs\u00e4ljning Kontakta oss Martin Westlin F\u00f6rs\u00e4ljning Skandinaviska och Baltiska marknadenKontakta oss Frank Bulmahn Ansvarig f\u00f6r elplanerare i norra Tyskland Kontakta oss Sven Wehrfritz Key Account Manager Elektrisk planerareKontakta oss<\/p>\n","protected":false},"author":1,"featured_media":0,"parent":0,"menu_order":0,"comment_status":"closed","ping_status":"closed","template":"elementor_header_footer","meta":{"footnotes":""},"class_list":["post-7748","page","type-page","status-publish","hentry","no-thumb"],"yoast_head":"<!-- This site is optimized with the Yoast SEO plugin v23.9 - https:\/\/yoast.com\/wordpress\/plugins\/seo\/ -->\n<title>Kontaktpersoner - K&#039;ELECTRIC<\/title>\n<meta name=\"robots\" content=\"index, follow, max-snippet:-1, max-image-preview:large, max-video-preview:-1\" \/>\n<link rel=\"canonical\" href=\"https:\/\/k-electric-gmbh.de\/sv\/kontaktpersoner\/\" \/>\n<meta property=\"og:locale\" content=\"sv_SE\" \/>\n<meta property=\"og:type\" content=\"article\" \/>\n<meta property=\"og:title\" content=\"Kontaktpersoner - K&#039;ELECTRIC\" \/>\n<meta property=\"og:description\" content=\"I din n\u00e4rhet V\u00e4nligen acceptera cookies f\u00f6r att se inneh\u00e5llet. \u00d6verregional Philipp St\u00f6cklein Ansvarig f\u00f6r energileverant\u00f6rer och kommunala bolag i hela Tyskland Kontakta oss Martin Mateyka Ansvarig f\u00f6r \u00d6sterrike Kontakta oss Christian Gr\u00fcn Ansvarig f\u00f6r Nederl\u00e4nderna, Belgien &amp; LuxemburgKontakta oss Michael Sachs Konsultverksamhet | F\u00f6rs\u00e4ljning Kontakta oss Martin Westlin F\u00f6rs\u00e4ljning Skandinaviska och Baltiska marknadenKontakta oss Frank Bulmahn Ansvarig f\u00f6r elplanerare i norra Tyskland Kontakta oss Sven Wehrfritz Key Account Manager Elektrisk planerareKontakta oss\" \/>\n<meta property=\"og:url\" content=\"https:\/\/k-electric-gmbh.de\/sv\/kontaktpersoner\/\" \/>\n<meta property=\"og:site_name\" content=\"K&#039;ELECTRIC\" \/>\n<meta property=\"article:modified_time\" content=\"2026-01-02T15:06:32+00:00\" \/>\n<meta property=\"og:image\" content=\"https:\/\/k-electric-gmbh.de\/wp-content\/uploads\/2023\/09\/P.Stoecklein-scaled.jpg\" \/>\n<meta name=\"twitter:card\" content=\"summary_large_image\" \/>\n<meta name=\"twitter:label1\" content=\"Ber\u00e4knad l\u00e4stid\" \/>\n\t<meta name=\"twitter:data1\" content=\"2 minuter\" \/>\n<script type=\"application\/ld+json\" class=\"yoast-schema-graph\">{\"@context\":\"https:\/\/schema.org\",\"@graph\":[{\"@type\":\"WebPage\",\"@id\":\"https:\/\/k-electric-gmbh.de\/sv\/kontaktpersoner\/\",\"url\":\"https:\/\/k-electric-gmbh.de\/sv\/kontaktpersoner\/\",\"name\":\"Kontaktpersoner - K&#039;ELECTRIC\",\"isPartOf\":{\"@id\":\"https:\/\/k-electric-gmbh.de\/sv\/#website\"},\"primaryImageOfPage\":{\"@id\":\"https:\/\/k-electric-gmbh.de\/sv\/kontaktpersoner\/#primaryimage\"},\"image\":{\"@id\":\"https:\/\/k-electric-gmbh.de\/sv\/kontaktpersoner\/#primaryimage\"},\"thumbnailUrl\":\"https:\/\/k-electric-gmbh.de\/wp-content\/uploads\/2023\/09\/P.Stoecklein-scaled.jpg\",\"datePublished\":\"2023-10-31T18:12:10+00:00\",\"dateModified\":\"2026-01-02T15:06:32+00:00\",\"breadcrumb\":{\"@id\":\"https:\/\/k-electric-gmbh.de\/sv\/kontaktpersoner\/#breadcrumb\"},\"inLanguage\":\"sv-SE\",\"potentialAction\":[{\"@type\":\"ReadAction\",\"target\":[\"https:\/\/k-electric-gmbh.de\/sv\/kontaktpersoner\/\"]}]},{\"@type\":\"ImageObject\",\"inLanguage\":\"sv-SE\",\"@id\":\"https:\/\/k-electric-gmbh.de\/sv\/kontaktpersoner\/#primaryimage\",\"url\":\"https:\/\/k-electric-gmbh.de\/wp-content\/uploads\/2023\/09\/P.Stoecklein-scaled.jpg\",\"contentUrl\":\"https:\/\/k-electric-gmbh.de\/wp-content\/uploads\/2023\/09\/P.Stoecklein-scaled.jpg\"},{\"@type\":\"BreadcrumbList\",\"@id\":\"https:\/\/k-electric-gmbh.de\/sv\/kontaktpersoner\/#breadcrumb\",\"itemListElement\":[{\"@type\":\"ListItem\",\"position\":1,\"name\":\"Startseite\",\"item\":\"https:\/\/k-electric-gmbh.de\/sv\/\"},{\"@type\":\"ListItem\",\"position\":2,\"name\":\"Kontaktpersoner\"}]},{\"@type\":\"WebSite\",\"@id\":\"https:\/\/k-electric-gmbh.de\/sv\/#website\",\"url\":\"https:\/\/k-electric-gmbh.de\/sv\/\",\"name\":\"K'Electric\",\"description\":\"We connect to protect\",\"publisher\":{\"@id\":\"https:\/\/k-electric-gmbh.de\/sv\/#organization\"},\"potentialAction\":[{\"@type\":\"SearchAction\",\"target\":{\"@type\":\"EntryPoint\",\"urlTemplate\":\"https:\/\/k-electric-gmbh.de\/sv\/?s={search_term_string}\"},\"query-input\":{\"@type\":\"PropertyValueSpecification\",\"valueRequired\":true,\"valueName\":\"search_term_string\"}}],\"inLanguage\":\"sv-SE\"},{\"@type\":\"Organization\",\"@id\":\"https:\/\/k-electric-gmbh.de\/sv\/#organization\",\"name\":\"K'Electric\",\"url\":\"https:\/\/k-electric-gmbh.de\/sv\/\",\"logo\":{\"@type\":\"ImageObject\",\"inLanguage\":\"sv-SE\",\"@id\":\"https:\/\/k-electric-gmbh.de\/sv\/#\/schema\/logo\/image\/\",\"url\":\"https:\/\/k-electric-gmbh.de\/wp-content\/uploads\/2023\/08\/logo.png\",\"contentUrl\":\"https:\/\/k-electric-gmbh.de\/wp-content\/uploads\/2023\/08\/logo.png\",\"width\":1125,\"height\":122,\"caption\":\"K'Electric\"},\"image\":{\"@id\":\"https:\/\/k-electric-gmbh.de\/sv\/#\/schema\/logo\/image\/\"},\"sameAs\":[\"https:\/\/www.linkedin.com\/company\/k-electric-gmbh\/posts\/?feedView=all\"]}]}<\/script>\n<!-- \/ Yoast SEO plugin. -->","yoast_head_json":{"title":"Kontaktpersoner - K&#039;ELECTRIC","robots":{"index":"index","follow":"follow","max-snippet":"max-snippet:-1","max-image-preview":"max-image-preview:large","max-video-preview":"max-video-preview:-1"},"canonical":"https:\/\/k-electric-gmbh.de\/sv\/kontaktpersoner\/","og_locale":"sv_SE","og_type":"article","og_title":"Kontaktpersoner - K&#039;ELECTRIC","og_description":"I din n\u00e4rhet V\u00e4nligen acceptera cookies f\u00f6r att se inneh\u00e5llet. \u00d6verregional Philipp St\u00f6cklein Ansvarig f\u00f6r energileverant\u00f6rer och kommunala bolag i hela Tyskland Kontakta oss Martin Mateyka Ansvarig f\u00f6r \u00d6sterrike Kontakta oss Christian Gr\u00fcn Ansvarig f\u00f6r Nederl\u00e4nderna, Belgien &amp; LuxemburgKontakta oss Michael Sachs Konsultverksamhet | F\u00f6rs\u00e4ljning Kontakta oss Martin Westlin F\u00f6rs\u00e4ljning Skandinaviska och Baltiska marknadenKontakta oss Frank Bulmahn Ansvarig f\u00f6r elplanerare i norra Tyskland Kontakta oss Sven Wehrfritz Key Account Manager Elektrisk planerareKontakta oss","og_url":"https:\/\/k-electric-gmbh.de\/sv\/kontaktpersoner\/","og_site_name":"K&#039;ELECTRIC","article_modified_time":"2026-01-02T15:06:32+00:00","og_image":[{"url":"https:\/\/k-electric-gmbh.de\/wp-content\/uploads\/2023\/09\/P.Stoecklein-scaled.jpg"}],"twitter_card":"summary_large_image","twitter_misc":{"Ber\u00e4knad l\u00e4stid":"2 minuter"},"schema":{"@context":"https:\/\/schema.org","@graph":[{"@type":"WebPage","@id":"https:\/\/k-electric-gmbh.de\/sv\/kontaktpersoner\/","url":"https:\/\/k-electric-gmbh.de\/sv\/kontaktpersoner\/","name":"Kontaktpersoner - K&#039;ELECTRIC","isPartOf":{"@id":"https:\/\/k-electric-gmbh.de\/sv\/#website"},"primaryImageOfPage":{"@id":"https:\/\/k-electric-gmbh.de\/sv\/kontaktpersoner\/#primaryimage"},"image":{"@id":"https:\/\/k-electric-gmbh.de\/sv\/kontaktpersoner\/#primaryimage"},"thumbnailUrl":"https:\/\/k-electric-gmbh.de\/wp-content\/uploads\/2023\/09\/P.Stoecklein-scaled.jpg","datePublished":"2023-10-31T18:12:10+00:00","dateModified":"2026-01-02T15:06:32+00:00","breadcrumb":{"@id":"https:\/\/k-electric-gmbh.de\/sv\/kontaktpersoner\/#breadcrumb"},"inLanguage":"sv-SE","potentialAction":[{"@type":"ReadAction","target":["https:\/\/k-electric-gmbh.de\/sv\/kontaktpersoner\/"]}]},{"@type":"ImageObject","inLanguage":"sv-SE","@id":"https:\/\/k-electric-gmbh.de\/sv\/kontaktpersoner\/#primaryimage","url":"https:\/\/k-electric-gmbh.de\/wp-content\/uploads\/2023\/09\/P.Stoecklein-scaled.jpg","contentUrl":"https:\/\/k-electric-gmbh.de\/wp-content\/uploads\/2023\/09\/P.Stoecklein-scaled.jpg"},{"@type":"BreadcrumbList","@id":"https:\/\/k-electric-gmbh.de\/sv\/kontaktpersoner\/#breadcrumb","itemListElement":[{"@type":"ListItem","position":1,"name":"Startseite","item":"https:\/\/k-electric-gmbh.de\/sv\/"},{"@type":"ListItem","position":2,"name":"Kontaktpersoner"}]},{"@type":"WebSite","@id":"https:\/\/k-electric-gmbh.de\/sv\/#website","url":"https:\/\/k-electric-gmbh.de\/sv\/","name":"K'Electric","description":"We connect to protect","publisher":{"@id":"https:\/\/k-electric-gmbh.de\/sv\/#organization"},"potentialAction":[{"@type":"SearchAction","target":{"@type":"EntryPoint","urlTemplate":"https:\/\/k-electric-gmbh.de\/sv\/?s={search_term_string}"},"query-input":{"@type":"PropertyValueSpecification","valueRequired":true,"valueName":"search_term_string"}}],"inLanguage":"sv-SE"},{"@type":"Organization","@id":"https:\/\/k-electric-gmbh.de\/sv\/#organization","name":"K'Electric","url":"https:\/\/k-electric-gmbh.de\/sv\/","logo":{"@type":"ImageObject","inLanguage":"sv-SE","@id":"https:\/\/k-electric-gmbh.de\/sv\/#\/schema\/logo\/image\/","url":"https:\/\/k-electric-gmbh.de\/wp-content\/uploads\/2023\/08\/logo.png","contentUrl":"https:\/\/k-electric-gmbh.de\/wp-content\/uploads\/2023\/08\/logo.png","width":1125,"height":122,"caption":"K'Electric"},"image":{"@id":"https:\/\/k-electric-gmbh.de\/sv\/#\/schema\/logo\/image\/"},"sameAs":["https:\/\/www.linkedin.com\/company\/k-electric-gmbh\/posts\/?feedView=all"]}]}},"_links":{"self":[{"href":"https:\/\/k-electric-gmbh.de\/sv\/wp-json\/wp\/v2\/pages\/7748","targetHints":{"allow":["GET"]}}],"collection":[{"href":"https:\/\/k-electric-gmbh.de\/sv\/wp-json\/wp\/v2\/pages"}],"about":[{"href":"https:\/\/k-electric-gmbh.de\/sv\/wp-json\/wp\/v2\/types\/page"}],"author":[{"embeddable":true,"href":"https:\/\/k-electric-gmbh.de\/sv\/wp-json\/wp\/v2\/users\/1"}],"replies":[{"embeddable":true,"href":"https:\/\/k-electric-gmbh.de\/sv\/wp-json\/wp\/v2\/comments?post=7748"}],"version-history":[{"count":20,"href":"https:\/\/k-electric-gmbh.de\/sv\/wp-json\/wp\/v2\/pages\/7748\/revisions"}],"predecessor-version":[{"id":9081,"href":"https:\/\/k-electric-gmbh.de\/sv\/wp-json\/wp\/v2\/pages\/7748\/revisions\/9081"}],"wp:attachment":[{"href":"https:\/\/k-electric-gmbh.de\/sv\/wp-json\/wp\/v2\/media?parent=7748"}],"curies":[{"name":"wp","href":"https:\/\/api.w.org\/{rel}","templated":true}]}}